{"id":172,"date":"2020-12-15T20:00:07","date_gmt":"2020-12-15T20:00:07","guid":{"rendered":"https:\/\/figaromemorial.cat\/?page_id=172"},"modified":"2026-01-12T20:03:27","modified_gmt":"2026-01-12T20:03:27","slug":"figaro-1994-despres-del-foc-la-rierada","status":"publish","type":"page","link":"https:\/\/figaromemorial.cat\/?page_id=172","title":{"rendered":"COMUNICACI\u00d3"},"content":{"rendered":"<h1>Mor a 85 anys, Josep Maria Espelta, cofundador de l\u2019entitat Figar\u00f3 Memorial<\/h1>\n<p>Va n\u00e9ixer a Barcelona el 28 d\u2019abril de 1940 per\u00f2 ha estat sempre vinculat al poble, on la seva fam\u00edlia estiuejava des de l\u2019any 1908<\/p>\n<p>\u00a0<\/p>\n<p><img loading=\"lazy\" class=\"size-large wp-image-308 aligncenter\" src=\"https:\/\/figaromemorial.cat\/wp-content\/uploads\/2026\/01\/cal_espelta-1024x731.jpeg\" alt=\"\" width=\"525\" height=\"375\" srcset=\"https:\/\/figaromemorial.cat\/wp-content\/uploads\/2026\/01\/cal_espelta-1024x731.jpeg 1024w, https:\/\/figaromemorial.cat\/wp-content\/uploads\/2026\/01\/cal_espelta-300x214.jpeg 300w, https:\/\/figaromemorial.cat\/wp-content\/uploads\/2026\/01\/cal_espelta-768x548.jpeg 768w, https:\/\/figaromemorial.cat\/wp-content\/uploads\/2026\/01\/cal_espelta.jpeg 1200w\" sizes=\"(max-width: 525px) 100vw, 525px\" \/><\/p>\n<p>Josep Maria Espelta, un dels fundadors de l\u2019associaci\u00f3 Figar\u00f3 Memorial, va morir aquest dijous (08\/01\/2026) a 85 anys d\u2019edat. Espelta ha estat el primer president d\u2019aquesta entitat, que va comen\u00e7ar a treballar fa una desena d\u2019anys amb l\u2019objectiu de recollir documents i testimonis sobre la mem\u00f2ria hist\u00f2rica del poble.<\/p>\n<p>Josep Maria Espelta va n\u00e9ixer a Barcelona el 28 d\u2019abril de 1940 per\u00f2 ha estat sempre vinculat al poble, on la seva fam\u00edlia estiuejava des de l\u2019any 1908. Era p\u00e8rit agr\u00f2nom de professi\u00f3 i, durant uns anys, va ser cap territorial del Departament d\u2019Agricultura de la Generalitat a la demarcaci\u00f3 de Barcelona.<\/p>\n<p>Destacava per ser una \u201cpersona enamorada de Figar\u00f3\u201d, on tenia casa i, en els darrers anys, passava molt temps.<\/p>\n<p>Amb Figar\u00f3 Memorial, Espelta ha impulsat la publicaci\u00f3 de vuit llibres referents al municipi. L\u2019entitat es va estrenar amb un llibre dedicat als molins de Vallc\u00e0rquera. Tamb\u00e9 han publicat recull onom\u00e0stic de Figar\u00f3; un llibre sobre la hist\u00f2ria i el vincle del poble amb el ferrocarril o un per recordar i explicar els incendis del 4 de juliol de 1994 i les inundacions del 10 d\u2019octubre d\u2019aquell mateix any.<\/p>\n<p>A banda, Figar\u00f3 Memorial ha promogut altres accions com la restauraci\u00f3 d\u2019una maqueta del terme municipal de Figar\u00f3 confeccionada per alumnes de l\u2019escola Montmany als anys noranta, el retorn d\u2019un antic projector de cinema que hi havia al poble o la restauraci\u00f3 del retaule renaixentista de l\u2019esgl\u00e9sia de Sant Pere de Vallc\u00e0rquera.<\/p>\n<p>Josep Maria Espelta ha donat el cos a la ci\u00e8ncia i, per tant, no es far\u00e0 funeral. Amb tot, s\u00ed que est\u00e0 previst que m\u00e9s endavant s\u2019organitzi un acte de record i reconeixement a Figar\u00f3.<\/p>\n<figure id=\"attachment_309\" aria-describedby=\"caption-attachment-309\" style=\"width: 84px\" class=\"wp-caption alignnone\"><img loading=\"lazy\" class=\"wp-image-309\" src=\"https:\/\/figaromemorial.cat\/wp-content\/uploads\/2026\/01\/ferran-polo-205x300.png\" alt=\"\" width=\"84\" height=\"123\" srcset=\"https:\/\/figaromemorial.cat\/wp-content\/uploads\/2026\/01\/ferran-polo-205x300.png 205w, https:\/\/figaromemorial.cat\/wp-content\/uploads\/2026\/01\/ferran-polo.png 305w\" sizes=\"(max-width: 84px) 100vw, 84px\" \/><figcaption id=\"caption-attachment-309\" class=\"wp-caption-text\">Ferran Polo 09\/01\/2026 Figar\u00f3<\/figcaption><\/figure>\n<p>_________________________________________________________________________________<\/p>\n<p>Benvolgut!, Benvolguda!<\/p>\n<p style=\"text-align: left;\">Una de les joies m\u00e9s preuades de Figar\u00f3 i que, malauradament, potser no li hem donat massa import\u00e0ncia \u00e9s el retaule renaixentista de Sant Pere de Vallc\u00e0rquera, de les acaballes del segle XVI.<br \/>Doncs gr\u00e0cies a l\u2019associaci\u00f3 Figar\u00f3 Memorial i a l\u2019Ajuntament, ara te\u2019l portem a casa.<br \/>Per aix\u00f2, la presentaci\u00f3 del set\u00e8 llibre editat per Figar\u00f3 Memorial. \u00c9s un treball d\u2019Antonino Segon i Josep Mas que ens explica la hist\u00f2ria de Vallc\u00e0rquera i detalla la tem\u00e0tica de cadascuna de les pintures del preuat retaule que guarda l\u2019esgl\u00e9sia de la vall.<br \/>Donar valor a les joies del nostre poble \u00e9s una manera d\u2019estimar-lo .<\/p>\n<p style=\"text-align: left;\"><img loading=\"lazy\" class=\"size-medium wp-image-291 aligncenter\" src=\"https:\/\/figaromemorial.cat\/wp-content\/uploads\/2023\/04\/Captura-de-pantalla-2023-04-05-a-las-0.01.18-300x204.png\" alt=\"\" width=\"300\" height=\"204\" srcset=\"https:\/\/figaromemorial.cat\/wp-content\/uploads\/2023\/04\/Captura-de-pantalla-2023-04-05-a-las-0.01.18-300x204.png 300w, https:\/\/figaromemorial.cat\/wp-content\/uploads\/2023\/04\/Captura-de-pantalla-2023-04-05-a-las-0.01.18.png 364w\" sizes=\"(max-width: 300px) 100vw, 300px\" \/><\/p>\n<p>\u00a0<\/p>\n<p style=\"text-align: left;\"><span style=\"font-size: revert;\">Aprofitem tamb\u00e9 per informar-te que dilluns <\/span>17 d\u2019abril, festivitat dels Sants Patrons,<br \/>s\u2019inaugurar\u00e0 a l\u2019esgl\u00e9sia de Sant Pere de Vallc\u00e0rquera, la reposici\u00f3 del pedr\u00f3 ubicat a la seva sagrera, que s\u2019ha fet gr\u00e0cies a la col\u00b7laboraci\u00f3 dels Trabucaires del Figar\u00f3 i de Figar\u00f3 Memorial.<\/p>\n<h1 style=\"text-align: center;\"><strong>\u201cDE VALLC\u00c0RQUERA A FIGAR\u00d3\u201d<br \/><\/strong><strong>El retaula de sant Pere<\/strong><\/h1>\n<h4><img loading=\"lazy\" class=\"wp-image-289 size-medium aligncenter\" src=\"https:\/\/figaromemorial.cat\/wp-content\/uploads\/2023\/04\/Captura-de-pantalla-2023-04-04-a-las-23.55.58-300x243.png\" alt=\"\" width=\"300\" height=\"243\" srcset=\"https:\/\/figaromemorial.cat\/wp-content\/uploads\/2023\/04\/Captura-de-pantalla-2023-04-04-a-las-23.55.58-300x243.png 300w, https:\/\/figaromemorial.cat\/wp-content\/uploads\/2023\/04\/Captura-de-pantalla-2023-04-04-a-las-23.55.58-768x622.png 768w, https:\/\/figaromemorial.cat\/wp-content\/uploads\/2023\/04\/Captura-de-pantalla-2023-04-04-a-las-23.55.58.png 795w\" sizes=\"(max-width: 300px) 100vw, 300px\" \/><\/h4>\n<p style=\"text-align: center;\">Diumenge, 16 d&#8217;abril de 2023, a les 6 de la tarda. Sala del Nou Casino.<\/p>\n<p>T&#8217;esperem!, et necessitem!<\/p>\n<p>Cordialment,<\/p>\n<p>Josep Maria Espelta<br \/>President de Figar\u00f3 Memorial<\/p>\n\n\n<p><\/p>\n","protected":false},"excerpt":{"rendered":"<p>Mor a 85 anys, Josep Maria Espelta, cofundador de l\u2019entitat Figar\u00f3 Memorial Va n\u00e9ixer a Barcelona el 28 d\u2019abril de 1940 per\u00f2 ha estat sempre vinculat al poble, on la seva fam\u00edlia estiuejava des de l\u2019any 1908 \u00a0 Josep Maria Espelta, un dels fundadors de l\u2019associaci\u00f3 Figar\u00f3 Memorial, va morir aquest dijous (08\/01\/2026) a 85 &hellip; <\/p>\n<p class=\"link-more\"><a href=\"https:\/\/figaromemorial.cat\/?page_id=172\" class=\"more-link\">Continue reading<span class=\"screen-reader-text\"> &#8220;COMUNICACI\u00d3&#8221;<\/span><\/a><\/p>\n","protected":false},"author":2,"featured_media":0,"parent":0,"menu_order":0,"comment_status":"closed","ping_status":"closed","template":"","meta":[],"_links":{"self":[{"href":"https:\/\/figaromemorial.cat\/index.php?rest_route=\/wp\/v2\/pages\/172"}],"collection":[{"href":"https:\/\/figaromemorial.cat\/index.php?rest_route=\/wp\/v2\/pages"}],"about":[{"href":"https:\/\/figaromemorial.cat\/index.php?rest_route=\/wp\/v2\/types\/page"}],"author":[{"embeddable":true,"href":"https:\/\/figaromemorial.cat\/index.php?rest_route=\/wp\/v2\/users\/2"}],"replies":[{"embeddable":true,"href":"https:\/\/figaromemorial.cat\/index.php?rest_route=%2Fwp%2Fv2%2Fcomments&post=172"}],"version-history":[{"count":19,"href":"https:\/\/figaromemorial.cat\/index.php?rest_route=\/wp\/v2\/pages\/172\/revisions"}],"predecessor-version":[{"id":312,"href":"https:\/\/figaromemorial.cat\/index.php?rest_route=\/wp\/v2\/pages\/172\/revisions\/312"}],"wp:attachment":[{"href":"https:\/\/figaromemorial.cat\/index.php?rest_route=%2Fwp%2Fv2%2Fmedia&parent=172"}],"curies":[{"name":"wp","href":"https:\/\/api.w.org\/{rel}","templated":true}]}}